{"id":473,"date":"2017-09-06T07:46:30","date_gmt":"2017-09-06T06:46:30","guid":{"rendered":"https:\/\/cvlclub.wordpress.com\/?page_id=473"},"modified":"2019-12-10T15:27:50","modified_gmt":"2019-12-10T14:27:50","slug":"photos-vtt","status":"publish","type":"page","link":"https:\/\/cvl.ovh\/index.php\/section-vtt\/photos-vtt\/","title":{"rendered":"photos VTT"},"content":{"rendered":"<table border=\"0\" width=\"1067\" cellspacing=\"0\" cellpadding=\"2\">\n<tbody>\n<tr bgcolor=\"#46835c\">\n<td class=\"Style1\" colspan=\"4\" align=\"center\" height=\"28\">2019<\/td>\n<\/tr>\n<tr bgcolor=\"#99cc99\">\n<td class=\"Style1\" align=\"center\" bgcolor=\"#99cc99\" height=\"28\"><img decoding=\"async\" src=\"https:\/\/cvl.ovh\/wp-content\/uploads\/2019\/12\/AFS0539.resized-150x150.jpg\" alt=\"\" \/><\/td>\n<td align=\"center\" bgcolor=\"#99cc99\" height=\"28\"><a href=\"https:\/\/photos.app.goo.gl\/xHVwJD3rGCSd9pJ77\" target=\"_blank\" rel=\"noopener\">La Luc\u00e9\u00e9nne<\/a>\u00a0 01\/12<\/td>\n<td align=\"center\" bgcolor=\"#99cc99\" height=\"28\"><\/td>\n<td align=\"center\" bgcolor=\"#99cc99\" height=\"28\"><\/td>\n<\/tr>\n<tr bgcolor=\"#f5b77b\">\n<td class=\"Style1\" colspan=\"4\" align=\"center\" height=\"28\">2018<\/td>\n<\/tr>\n<tr bgcolor=\"#ffffcc\">\n<td class=\"Style1\" align=\"center\" bgcolor=\"#99cc99\" height=\"28\"><img decoding=\"async\" src=\"https:\/\/cvl.ovh\/wp-content\/uploads\/2018\/04\/20180114_083139-resized.jpg\" alt=\"\" \/><\/td>\n<td align=\"center\" bgcolor=\"#ffffcc\" height=\"28\"><a href=\"https:\/\/photos.app.goo.gl\/qvQEHWGkPW9PMf992\" target=\"_blank\" rel=\"noopener\">Orvault<\/a>\u00a0 14\/01<br \/>\n<a href=\"https:\/\/photos.app.goo.gl\/5EXdAheKt190LM0y2\" target=\"_blank\" rel=\"noopener\">Oudon<\/a> 04\/03<br \/>\n<a href=\"https:\/\/photos.app.goo.gl\/m5BHdoHmwV5e9KJE8\" target=\"_blank\" rel=\"noopener\">Sortie tandem<\/a> 24\/06<\/td>\n<td align=\"center\" bgcolor=\"#ffffcc\" height=\"28\"><a href=\"https:\/\/photos.app.goo.gl\/tDk4xX36jWrp43Jz7\" target=\"_blank\" rel=\"noopener\">reconnaissance La luc\u00e9\u00e9nne<\/a> 18\/11<br \/>\n<a href=\"https:\/\/photos.app.goo.gl\/RVA8wCZj9NAkUSN3A\" target=\"_blank\" rel=\"noopener\">La Luc\u00e9\u00e9nne<\/a>\u00a0 02\/12<\/td>\n<td align=\"center\" bgcolor=\"#ffffcc\" height=\"28\"><a href=\"https:\/\/photos.app.goo.gl\/PjfjUHdZ5B5KveMs6\" target=\"_blank\" rel=\"noopener\">Descente VTT<\/a> 02\/06<\/p>\n<p><a href=\"https:\/\/photos.app.goo.gl\/WHV8bKjVmrMN6v956\" target=\"_blank\" rel=\"noopener\">Fims divers<\/a><\/td>\n<\/tr>\n<tr bgcolor=\"#46835c\">\n<td class=\"Style1\" colspan=\"4\" align=\"center\" height=\"28\">2017<\/td>\n<\/tr>\n<tr bgcolor=\"#99cc99\">\n<td class=\"Style1\" align=\"center\" bgcolor=\"#99cc99\" height=\"28\"><img decoding=\"async\" src=\"http:\/\/cyclo-vtt-sainte-luce.ffct.org\/photos%20vtt\/Bekanaboug17_BM%20%28466%29.JPG\" alt=\"\" \/><\/td>\n<td align=\"center\" bgcolor=\"#99cc99\" height=\"28\"><a href=\"https:\/\/goo.gl\/photos\/MEe4nndzj1qz1yGM6\" target=\"_blank\" rel=\"noopener\">Suc\u00e9 sur erdre<\/a>\u00a0 15\/01<br \/>\n<a href=\"https:\/\/goo.gl\/photos\/ME7N8LMUvbaLyDRS7\" target=\"_blank\" rel=\"noopener\">Orvault<\/a> 29\/01<br \/>\n<a href=\"https:\/\/goo.gl\/photos\/XVksaxGdq9rhBhSK6\" target=\"_blank\" rel=\"noopener\">Bo\u00ebl<\/a> 26\/02<\/td>\n<td align=\"center\" bgcolor=\"#99cc99\" height=\"28\"><a href=\"https:\/\/goo.gl\/photos\/RgH7sH9VdpT8uL6Q6\" target=\"_blank\" rel=\"noopener\">Bekanaboug<\/a> 19\/03<br \/>\n<a href=\"https:\/\/goo.gl\/photos\/mFhugsu2aT1mcMQw7\" target=\"_blank\" rel=\"noopener\">Le Cellier<\/a>\u00a0 17\/04<\/td>\n<td align=\"center\" bgcolor=\"#99cc99\" height=\"28\"><a href=\"https:\/\/goo.gl\/photos\/ZYxFyAYD2vJ7mXBw9\" target=\"_blank\" rel=\"noopener\">Saint S\u00e9bastien<\/a> 01\/05<br \/>\n<a href=\"https:\/\/goo.gl\/photos\/wfFqRM9aPv1cFLWXA\" target=\"_blank\" rel=\"noopener\">La Roche Bernard<\/a>\u00a016\/07<br \/>\n<a href=\"https:\/\/photos.app.goo.gl\/tT03pTLMSM2pOE0m2\" target=\"_blank\" rel=\"noopener\">Broc\u00e9liande<\/a> 9 et 10\/09<\/td>\n<\/tr>\n<tr bgcolor=\"#f5b77b\">\n<td class=\"Style1\" colspan=\"4\" align=\"center\" height=\"28\">2016<\/td>\n<\/tr>\n<tr bgcolor=\"#ffffcc\">\n<td class=\"Style1\" align=\"center\" height=\"28\"><img loading=\"lazy\" decoding=\"async\" src=\"http:\/\/cyclo-vtt-sainte-luce.ffct.org\/section%20vtt\/calendrier%20vtt\/20160214_105613.jpg\" width=\"170\" height=\"134\" \/><\/td>\n<td align=\"center\" height=\"28\"><a href=\"https:\/\/photos.google.com\/share\/AF1QipNG6rokNolZMwOj82FhrXvvWHZ9pgsCiRKSifdORz7DDgtKU5GuJv47aic49scXWw?hl=fr&amp;key=Y1pPSnBENnd6TzFPU2ZEZXZ6cGE4Y2Z2aUpWSkln\" target=\"_blank\" rel=\"noopener\">Roseraie &#8211; Suc\u00e9<\/a> 17\/01<br \/>\n<a href=\"https:\/\/photos.google.com\/share\/AF1QipM501SxtVhf0TEArJIzsDEm5BN-o5-yBHF328KEY23JJ_8WvgXfMcb3AKBtim1KSg?hl=fr&amp;key=dmt4aHdWWlRnN0NTdi1odUZyc3ptVnFLeGxwYjh3\" target=\"_blank\" rel=\"noopener\">Pornic<\/a> 14\/02<br \/>\n<a href=\"https:\/\/photos.google.com\/share\/AF1QipMGS3CJ3rFI_OothS-emcmcc9kf8zIqT3TAJZUPN0yrTHPaxrYSVeZEpIPVjGlv8A?hl=fr&amp;key=R2dNTUhRZ0Y3dnNUZGp1SWV4X1k1ejFhSU5lN2x3\" target=\"_blank\" rel=\"noopener\">Printani\u00e8re<\/a> Thouar\u00e9 10\/04<\/td>\n<td align=\"center\" height=\"28\"><a href=\"https:\/\/photos.google.com\/share\/AF1QipMravx-x6earmEaNZ-l48Eseu_6D5cLfobOfxlndtMwJjDQT1BiED6wUUaF0AJ_bw?hl=fr&amp;key=RVpPU3R3emlwR2NRRi1TRll4TzJCRm5fRUFTNWJ3\" target=\"_blank\" rel=\"noopener\">Nocturne<\/a> VTT44<br \/>\n<a href=\"https:\/\/photos.google.com\/share\/AF1QipMiuBxwsLCQKdw4QUA312m4ODTrN2V6xCw84Clb-Xa4MXLZospVNd-JVyyQWpCmCw?hl=fr&amp;key=UmFLQ1BiR1VQeXdISHRaOUdSWWYwM2cycGNMdHFB\" target=\"_blank\" rel=\"noopener\">Loupiotte<\/a> 13\/06<br \/>\n<a href=\"https:\/\/photos.google.com\/share\/AF1QipM1mXMwmpbocWSjMvyvuTAdLQqBBJPj5PIJK9xqpv75NX9dhhPyBmaKIblaPzb9hQ?hl=fr&amp;key=UGhVYlNfcWVxWWtGVmxqaUVybDFMcGVxQ3hxa0ZR\" target=\"_blank\" rel=\"noopener\">Gamelle Trophy<\/a> 24\/09<\/td>\n<td align=\"center\" height=\"28\"><a href=\"https:\/\/photos.google.com\/share\/AF1QipMidA19qv1SOKg3kiKH72V4LLBgDVsOLJy_EL-9L_MByKuCW4fYr2_lddwiH0Mnxg?key=V21uQ3h3RV9DSUFobUhIQUtidUszbWFaUEIwMjNn\" target=\"_blank\" rel=\"noopener\">Luc\u00e9enne Cyclo &#8211; VTT<\/a> du 4 d\u00e9c<\/td>\n<\/tr>\n<tr>\n<td class=\"Style1\" colspan=\"4\" align=\"center\" bgcolor=\"#99cc99\" height=\"28\">2015<\/td>\n<\/tr>\n<tr>\n<td bgcolor=\"#99cc99\" height=\"28\">Photos des sorties de janvier &amp; f\u00e9vrier<br \/>\n4 janvier : <a href=\"https:\/\/plus.google.com\/photos\/103858834341371447849\/albums\/6121561572347415537\" target=\"_blank\" rel=\"noopener\">Mauves, le Cellier, Oudon<\/a><br \/>\n11 janvier : <a href=\"https:\/\/plus.google.com\/photos\/103858834341371447849\/albums\/6121561482474013425\" target=\"_blank\" rel=\"noopener\">Le Cellier, Oudon, La Varenne<\/a><br \/>\n20 janvier : <a href=\"https:\/\/plus.google.com\/photos\/103858834341371447849\/albums\/6121561082313581585\" target=\"_blank\" rel=\"noopener\">Orvault <\/a><br \/>\n25 janvier : <a href=\"https:\/\/plus.google.com\/photos\/103858834341371447849\/albums\/6121560888389860081\" target=\"_blank\" rel=\"noopener\">Savenay<\/a><br \/>\n8 f\u00e9vrier : <a href=\"https:\/\/plus.google.com\/photos\/103858834341371447849\/albums\/6121560754560176001\" target=\"_blank\" rel=\"noopener\">Nantes<\/a><br \/>\n15 f\u00e9vrier :<a href=\"https:\/\/plus.google.com\/photos\/103858834341371447849\/albums\/6161630596221396337\" target=\"_blank\" rel=\"noopener\"> La Roseraie Orvault<\/a><\/td>\n<td bgcolor=\"#99cc99\" height=\"28\">Photos de mars \u00e0 juin<br \/>\n1er mars :<a href=\"https:\/\/plus.google.com\/photos\/103858834341371447849\/albums\/6161628349824361553\" target=\"_blank\" rel=\"noopener\"> Cellier oudon Varenne Mauves<\/a><br \/>\n8 mars : <a href=\"https:\/\/plus.google.com\/photos\/103858834341371447849\/albums\/6215942018412443681\" target=\"_blank\" rel=\"noopener\">CLISSON<\/a><br \/>\n3 juin : <a href=\"https:\/\/plus.google.com\/photos\/103858834341371447849\/albums\/6161628349824361553\" target=\"_blank\" rel=\"noopener\">nocturne<\/a>, tr\u00e8s difficile si on en croit les photos !!!!<br \/>\n20 juin : <a href=\"https:\/\/plus.google.com\/photos\/103858834341371447849\/albums\/6215940112484855489\" target=\"_blank\" rel=\"noopener\">descente du Lioran<\/a><\/td>\n<td bgcolor=\"#99cc99\" height=\"28\">juillet \u00e0 novembre <img loading=\"lazy\" decoding=\"async\" src=\"http:\/\/cyclo-vtt-sainte-luce.ffct.org\/photos%20vtt\/vtt%204%20vents.png\" width=\"192\" height=\"175\" align=\"middle\" \/><br \/>\n3 juillet :<a href=\"https:\/\/plus.google.com\/photos\/103858834341371447849\/albums\/6215939749498157585\" target=\"_blank\" rel=\"noopener\"> grillades<\/a><br \/>\n19 sept : <a href=\"https:\/\/plus.google.com\/photos\/103858834341371447849\/albums\/6215939143471607825\" target=\"_blank\" rel=\"noopener\">Gite des 4 Vents<\/a><br \/>\n1er nov : <a href=\"https:\/\/plus.google.com\/photos\/103858834341371447849\/albums\/6215938847591373681\" target=\"_blank\" rel=\"noopener\">Monfaucon<\/a><br \/>\n8 nov : <a href=\"https:\/\/plus.google.com\/photos\/103858834341371447849\/albums\/6215937638079173361\" target=\"_blank\" rel=\"noopener\">La S\u00e9guini\u00e8re<\/a><\/td>\n<td class=\"bodyText\" bgcolor=\"#99cc99\" height=\"28\">15 nov : <a href=\"https:\/\/plus.google.com\/photos\/103858834341371447849\/albums\/6234017939597272097\" target=\"_blank\" rel=\"noopener\">sortie Varenne<\/a><br \/>\n6 d\u00e9c : Luc\u00e9enne <a href=\"https:\/\/plus.google.com\/photos\/103858834341371447849\/albums\/6231556178489946513\" target=\"_blank\" rel=\"noopener\">s\u00e9rie photos 1<\/a>, <a href=\"https:\/\/plus.google.com\/photos\/103858834341371447849\/albums\/6231548524770418849\" target=\"_blank\" rel=\"noopener\">s\u00e9rie 2<\/a>, <a href=\"https:\/\/plus.google.com\/photos\/103858834341371447849\/albums\/6231547957291691153\" target=\"_blank\" rel=\"noopener\">accueil<\/a><br \/>\n18 d\u00e9c : <a href=\"https:\/\/plus.google.com\/photos\/103858834341371447849\/albums\/6234049792459628593\" target=\"_blank\" rel=\"noopener\">AG du club<\/a><\/td>\n<\/tr>\n<tr>\n<td class=\"Style1\" colspan=\"4\" align=\"center\" bgcolor=\"#ffffcc\" height=\"28\">2014<\/td>\n<\/tr>\n<tr>\n<td bgcolor=\"#ffffcc\" height=\"28\">A Huelgoat, 3 V\u00e9t\u00e9tistes ont fait cette ann\u00e9e les Roc\u2019h des <span class=\"Style1\"><strong>Monts d\u2019Arr\u00e9e 2014<\/strong><\/span>. Avec 80 et 90 Kms et un d\u00e9nivel\u00e9 positif de 1330 \u00e0 1530 m, Jean Claude, St\u00e9phane et Thierry ont un souvenir inoubliable :<br \/>\nSite : <a href=\"http:\/\/www.lesroch.org\/pg\/index.php\" target=\"_blank\" rel=\"noopener\">http:\/\/www.lesroch.org\/pg\/index.php<\/a><br \/>\nlien vers <a href=\"https:\/\/plus.google.com\/photos\/103858834341371447849\/albums\/6101174092983478721\" target=\"_blank\" rel=\"noopener\">photos<\/a><br \/>\nVid\u00e9o : <a href=\"https:\/\/www.youtube.com\/watch?v=a66VdjpUNfQ\" target=\"_blank\" rel=\"noopener\">https:\/\/www.youtube.com\/watch?v=a66VdjpUNfQ<\/a><\/td>\n<td class=\"Style1\" align=\"center\" bgcolor=\"#ffffcc\" height=\"28\"><img loading=\"lazy\" decoding=\"async\" src=\"http:\/\/cyclo-vtt-sainte-luce.ffct.org\/section%20vtt\/affiche%20monts%20d%20arree.jpg\" alt=\"affiche\" width=\"154\" height=\"187\" \/><\/td>\n<td bgcolor=\"#ffffcc\" height=\"28\">Nous avons r\u00e9alis\u00e9 dimanche 21\/12\/2014 une tr\u00e8s belle sortie en VTT sur Mauves et le Cellier, avec en tandem Jacky notre non voyant conduit par Fr\u00e9d\u00e9ric sous l\u2019\u0153il tr\u00e8s attentif de notre responsable tandem Alain Barbedet.<\/p>\n<div><\/div>\n<\/td>\n<td class=\"Style1\" align=\"center\" bgcolor=\"#ffffcc\" height=\"28\"><img loading=\"lazy\" decoding=\"async\" src=\"http:\/\/cyclo-vtt-sainte-luce.ffct.org\/section%20vtt\/vtt%20jacky.jpg\" width=\"237\" height=\"160\" \/><\/td>\n<\/tr>\n<tr>\n<td align=\"center\" bgcolor=\"#ffffcc\" height=\"28\"><strong><em>Merci au 583 participants de la Luc\u00e9enne 2014 ayant eu lieu le 07 d\u00e9cembre dernier et surtout au D\u00e9raill\u00e9s, GLVTT, et Les P&rsquo;tits Lu pour leurs superbes vid\u00e9os.<\/em><\/strong><br \/>\n<a href=\"http:\/\/www.dailymotion.com\/video\/x2c0ort_ste-luce-sur-loire-2014_sport?start=19\" target=\"_blank\" rel=\"noopener\">http:\/\/www.dailymotion.com\/video\/x2c0ort_ste-luce-sur-loire-2014_sport?start=19<\/a> \u00ab Vid\u00e9o Circuit des 43 Kms\u00bb<br \/>\n<a href=\"http:\/\/www.dailymotion.com\/video\/x2c1zhs_la-luceenne-2014-7dec-sept44-glvtt_sport\" target=\"_blank\" rel=\"noopener\">http:\/\/www.dailymotion.com\/video\/x2c1zhs_la-luceenne-2014-7dec-sept44-glvtt_sport<\/a> \u00ab Vid\u00e9o Circuit des 56 Kms\u00bb<br \/>\n<a href=\"http:\/\/www.dailymotion.com\/video\/x2c13e6_la-luceenne-2014-by-les-p-tits-lu_sport\" target=\"_blank\" rel=\"noopener\">http:\/\/www.dailymotion.com\/video\/x2c13e6_la-luceenne-2014-by-les-p-tits-lu_sport<\/a><br \/>\nNous ne manquerons pas de r\u00e9it\u00e9rer en 2015. Venez nombreux\u2026<\/td>\n<td class=\"Style1\" align=\"center\" bgcolor=\"#ffffcc\" height=\"28\"><img loading=\"lazy\" decoding=\"async\" src=\"http:\/\/cyclo-vtt-sainte-luce.ffct.org\/section%20vtt\/AFFICHE%20LUCEENNE%202014.pdf.jpg\" alt=\"affiche\" width=\"198\" height=\"273\" \/><\/td>\n<td class=\"Style1\" colspan=\"2\" align=\"center\" bgcolor=\"#ffffcc\" height=\"28\"><a href=\"https:\/\/plus.google.com\/photos\/103858834341371447849\/albums\/6094893498228883601\" target=\"_blank\" rel=\"noopener\">Lien vers les photos de la Luc\u00e9enne 2014<\/a><\/td>\n<\/tr>\n<tr>\n<td class=\"Style1\" colspan=\"4\" align=\"center\" bgcolor=\"#ccccff\" height=\"28\">2013<\/td>\n<\/tr>\n<tr>\n<td colspan=\"2\" align=\"center\" bgcolor=\"#ccccff\" height=\"28\">Une sortie \u00e0 la Bruffi\u00e8re : Nous attendions le meilleur, bien s\u00fbr celui qui prend la photo !<br \/>\n<img loading=\"lazy\" decoding=\"async\" src=\"http:\/\/cyclo-vtt-sainte-luce.ffct.org\/section%20vtt\/Bruffiere%202014.jpg\" alt=\"bruffiere\" width=\"171\" height=\"113\" \/><br \/>\n<span class=\"Style1\"><a class=\"bodyText\" href=\"https:\/\/fr-fr.facebook.com\/VttLaBruffiere\" target=\"_blank\" rel=\"noopener\">https:\/\/fr-fr.facebook.com\/VttLaBruffiere<\/a><\/span><\/td>\n<td align=\"center\" bgcolor=\"#ccccff\" height=\"28\">Un jour de sortie club :<\/td>\n<td align=\"center\" bgcolor=\"#ccccff\" height=\"28\"><img loading=\"lazy\" decoding=\"async\" src=\"http:\/\/cyclo-vtt-sainte-luce.ffct.org\/section%20vtt\/sortie%20club.jpg\" alt=\"sortie club\" width=\"253\" height=\"185\" \/><\/td>\n<\/tr>\n<tr>\n<td class=\"Style1\" colspan=\"4\" bgcolor=\"#ccffff\" height=\"28\">\n<div align=\"center\">2012<\/div>\n<\/td>\n<\/tr>\n<tr>\n<td colspan=\"2\" bgcolor=\"#ccffff\" height=\"162\"><a href=\"https:\/\/picasaweb.google.com\/CycloVttLuceen\/Luceenne2012?authkey=Gv1sRgCISY6Nvwpprkbg\" target=\"_blank\" rel=\"noopener\">Luc\u00e9enne Cyclo &#8211; VTT &#8211; Marche<\/a> : le 21 octobre nous inaugurions une nouvelle formule int\u00e9grant les 3 disciplines. Le temps maussade \u00e0 cette p\u00e9riode nous a emp\u00each\u00e9 de faire mieux que 350 participants au total !<\/td>\n<td bgcolor=\"#ccffff\" height=\"162\"><\/td>\n<td bgcolor=\"#ccffff\" height=\"162\"><\/td>\n<\/tr>\n<tr>\n<td colspan=\"4\" bgcolor=\"#00cc99\" height=\"23\">\n<div align=\"center\"><span class=\"Style1\">2011<\/span><\/div>\n<\/td>\n<\/tr>\n<tr>\n<td bgcolor=\"#00cc99\" height=\"108\"><img loading=\"lazy\" decoding=\"async\" src=\"http:\/\/cyclo-vtt-sainte-luce.ffct.org\/photos%20vtt\/nocturne%2014%20mai%202011.png\" width=\"224\" height=\"197\" \/><br \/>\n<a href=\"https:\/\/picasaweb.google.com\/CycloVttLuceen\/VTTNocturne14Mai2011#\" target=\"_blank\" rel=\"noopener\">Rando nocturne du 14 mai<\/a>, en remplacement de la Luciole, annul\u00e9e faute de combattants en nombre suffisant !<\/td>\n<td bgcolor=\"#00cc99\" height=\"108\"><img loading=\"lazy\" decoding=\"async\" src=\"http:\/\/cyclo-vtt-sainte-luce.ffct.org\/photos%20vtt\/Granit%20montana.jpg\" width=\"231\" height=\"170\" \/><br \/>\n<a href=\"https:\/\/picasaweb.google.com\/CycloVttLuceen\/GRANITMONTANA#\" target=\"_blank\" rel=\"noopener\">Granit Montana<\/a>, les 18 &#8211; 19 juin, 8 v\u00e9t\u00e9tistes participent \u00e0 cette \u00e9preuve pr\u00e8s de Limoges<\/td>\n<td bgcolor=\"#00cc99\" height=\"108\">\n<p align=\"center\"><img loading=\"lazy\" decoding=\"async\" src=\"http:\/\/cyclo-vtt-sainte-luce.ffct.org\/photos%20vtt\/luceenne%20vtt.png\" width=\"201\" height=\"195\" align=\"top\" \/><\/p>\n<p align=\"center\"><a href=\"https:\/\/picasaweb.google.com\/CycloVttLuceen\/Luceenne2011\" target=\"_blank\" rel=\"noopener\">Luc\u00e9enne du 4 d\u00e9c<\/a>, 392 participants<\/p>\n<\/td>\n<td bgcolor=\"#00cc99\" height=\"108\"><\/td>\n<\/tr>\n<tr>\n<td colspan=\"4\" bgcolor=\"#00ccff\" height=\"27\">\n<div align=\"center\"><span class=\"Style1\">2010<\/span><\/div>\n<\/td>\n<\/tr>\n<tr>\n<td bgcolor=\"#00ccff\" height=\"108\">\n<p align=\"center\"><a href=\"http:\/\/cyclo-vtt-sainte-luce.ffct.org\/photos%20vtt\/21%20fev%202010\/SP_A0382.jpg\" target=\"_blank\" rel=\"noopener\"><img loading=\"lazy\" decoding=\"async\" src=\"http:\/\/cyclo-vtt-sainte-luce.ffct.org\/photos%20vtt\/21%20fev%202010\/SP_A0382.jpg\" width=\"185\" height=\"118\" border=\"0\" \/><\/a><\/p>\n<p align=\"center\"><strong>sortie 20 f\u00e9v 2010 <\/strong><\/p>\n<\/td>\n<td bgcolor=\"#00ccff\" height=\"108\">\n<p align=\"center\"><img loading=\"lazy\" decoding=\"async\" src=\"http:\/\/cyclo-vtt-sainte-luce.ffct.org\/photos%20vtt\/DSCN0188%5B1%5D.JPG\" width=\"173\" height=\"120\" \/><\/p>\n<p align=\"center\"><a href=\"http:\/\/cid-9652b053569f8e29.skydrive.live.com\/redir.aspx?page=play&amp;resid=9652B053569F8E29%21150&amp;type=5&amp;authkey=sCG2AidpyoM$&amp;Bsrc=EMSHOO&amp;Bpub=SN.Notifications\" target=\"_blank\" rel=\"noopener\">24 h de Mauves <\/a><\/p>\n<\/td>\n<td bgcolor=\"#00ccff\" height=\"108\">\n<p align=\"center\"><a href=\"http:\/\/cyclo-vtt-sainte-luce.ffct.org\/photos%20vtt\/luceenne%202010.jpg\" target=\"_blank\" rel=\"noopener\"><img loading=\"lazy\" decoding=\"async\" src=\"http:\/\/cyclo-vtt-sainte-luce.ffct.org\/photos%20vtt\/luceenne%202010.jpg\" width=\"184\" height=\"130\" border=\"0\" \/><\/a><\/p>\n<p align=\"center\"><strong>Luc\u00e9enne <a href=\"http:\/\/picasaweb.google.com\/CycloVttLuceen\/LuceenneVttDec2010#\" target=\"_blank\" rel=\"noopener\">photos<\/a>, <a href=\"http:\/\/www.dailymotion.com\/video\/xg9h0s_vtt-sainte-luce-2010-les-p-tits-lu_sport\" target=\"_blank\" rel=\"noopener\">vid\u00e9o<\/a> <\/strong><\/p>\n<\/td>\n<td bgcolor=\"#00ccff\" height=\"108\"><img loading=\"lazy\" decoding=\"async\" src=\"http:\/\/cyclo-vtt-sainte-luce.ffct.org\/photos%20vtt\/Roc-azur-2010-0028.jpg\" width=\"209\" height=\"126\" \/><\/p>\n<p align=\"center\"><strong><a href=\"http:\/\/picasaweb.google.com\/CycloVttLuceen\/RocDAzur2010#\" target=\"_blank\" rel=\"noopener\">Roc d&rsquo;azur <\/a><\/strong><\/p>\n<\/td>\n<\/tr>\n<tr>\n<td colspan=\"4\" bgcolor=\"#ccff99\" height=\"20\">\n<div class=\"Style1\" align=\"center\">2009<\/div>\n<\/td>\n<\/tr>\n<tr>\n<td bgcolor=\"#ccff99\" height=\"110\">\n<div align=\"center\"><a href=\"http:\/\/cyclo-vtt-sainte-luce.ffct.org\/photos%20vtt\/Folies%20malviennes%202009.JPG\" target=\"_blank\" rel=\"noopener\"><img loading=\"lazy\" decoding=\"async\" src=\"http:\/\/cyclo-vtt-sainte-luce.ffct.org\/photos%20vtt\/Folies%20malviennes%202009.JPG\" width=\"128\" height=\"101\" border=\"0\" \/><\/a><\/div>\n<\/td>\n<td align=\"center\" valign=\"middle\" bgcolor=\"#ccff99\" height=\"110\">\n<div align=\"center\"><img loading=\"lazy\" decoding=\"async\" src=\"http:\/\/cyclo-vtt-sainte-luce.ffct.org\/photos%20vtt\/luceenne09\/images\/image\/luceenne09%2011.JPG\" width=\"123\" height=\"97\" \/><\/div>\n<\/td>\n<td bgcolor=\"#ccff99\" height=\"110\">\n<div align=\"center\"><a href=\"http:\/\/picasaweb.google.fr\/CycloVttLuceen\/SoireeCVL2009\" target=\"_blank\" rel=\"noopener\">Repas du CVL 13 novembre 2009<\/a><\/div>\n<\/td>\n<td bgcolor=\"#ccff99\" height=\"110\">\n<div align=\"center\"><a href=\"http:\/\/cyclo-vtt-sainte-luce.ffct.org\/photos%20vtt\/luciole%202009\/index.html\" target=\"_blank\" rel=\"noopener\"><img loading=\"lazy\" decoding=\"async\" src=\"http:\/\/cyclo-vtt-sainte-luce.ffct.org\/photos%20vtt\/luciole%202009\/images\/thumbnail\/Luciole%202009%2023.JPG\" alt=\"xx\" width=\"100\" height=\"100\" border=\"0\" \/><\/a><\/div>\n<\/td>\n<\/tr>\n<tr>\n<td bgcolor=\"#ccff99\" height=\"19\">\n<div align=\"center\"><a href=\"http:\/\/cyclo-vtt-sainte-luce.ffct.org\/photos%20vtt\/Folies%20malviennes%202009.JPG\" target=\"_blank\" rel=\"noopener\">Folies malviennes 2009<\/a><\/div>\n<\/td>\n<td bgcolor=\"#ccff99\" height=\"19\">\n<div align=\"center\"><a href=\"https:\/\/www.google.com\/accounts\/ServiceLogin?passive=true&amp;go=true&amp;continue=http%3A%2F%2Fpicasaweb.google.fr%2Flh%2FviewAlbum%3Funame%3DCycloVttLuceen%26aid%3D5415766895875638721&amp;service=lh2\" target=\"_blank\" rel=\"noopener\">Luceenne vtt 2009 <\/a><\/div>\n<\/td>\n<td bgcolor=\"#ccff99\" height=\"19\"><\/td>\n<td bgcolor=\"#ccff99\" height=\"19\">\n<div align=\"center\"><a href=\"http:\/\/cyclo-vtt-sainte-luce.ffct.org\/photos%20vtt\/luciole%202009\/index.html\" target=\"_blank\" rel=\"noopener\">LUCIOLE VTT 2009 <\/a><\/div>\n<\/td>\n<\/tr>\n<tr>\n<td colspan=\"4\" bgcolor=\"#ffccff\" height=\"24\">\n<div align=\"center\"><strong><span class=\"Style2\">2008<\/span><\/strong><\/div>\n<\/td>\n<\/tr>\n<tr>\n<td bgcolor=\"#ffccff\" width=\"24%\" height=\"110\">\n<div align=\"center\"><a href=\"http:\/\/cyclo-vtt-sainte-luce.ffct.org\/photos%20vtt\/belle%20ile%2008\/index.htm\" target=\"_blank\" rel=\"noopener\"><img loading=\"lazy\" decoding=\"async\" src=\"http:\/\/cyclo-vtt-sainte-luce.ffct.org\/photos%20vtt\/belle%20ile%2008\/belle%20ile%2008%2009.JPG\" width=\"100\" height=\"75\" border=\"0\" \/><\/a><\/div>\n<\/td>\n<td bgcolor=\"#ffccff\" width=\"24%\" height=\"110\">\n<div align=\"center\"><a href=\"http:\/\/cyclo-vtt-sainte-luce.ffct.org\/photos%20vtt\/luceenne%20vtt%202008\/index.htm\" target=\"_blank\" rel=\"noopener\"><img loading=\"lazy\" decoding=\"async\" src=\"http:\/\/cyclo-vtt-sainte-luce.ffct.org\/photos%20vtt\/luceenne%20vtt%202008\/luceenne%202008%200009.JPG\" width=\"100\" height=\"75\" border=\"0\" \/><\/a><\/div>\n<\/td>\n<td bgcolor=\"#ffccff\" width=\"26%\" height=\"110\">\n<p align=\"center\"><a href=\"http:\/\/www.dailymotion.com\/Shupa\/video\/x7ujvb_ste-luceloire-vtt-2008_sport\" target=\"_blank\" rel=\"noopener\">NOUVEAU Video Luceenne VTT 2008<\/a><\/p>\n<p align=\"center\"><strong>Merci a FRED <\/strong><\/p>\n<\/td>\n<td bgcolor=\"#ffccff\" width=\"26%\" height=\"110\"><\/td>\n<\/tr>\n<tr>\n<td class=\"detailText\" valign=\"top\" nowrap=\"nowrap\" bgcolor=\"#ffccff\">\n<div align=\"center\"><a href=\"http:\/\/cyclo-vtt-sainte-luce.ffct.org\/photos%20vtt\/belle%20ile%2008\/index.htm\" target=\"_blank\" rel=\"noopener\">BELLE ILE 2008 <\/a><\/div>\n<\/td>\n<td class=\"detailText\" valign=\"top\" nowrap=\"nowrap\" bgcolor=\"#ffccff\">\n<div align=\"center\"><a href=\"http:\/\/cyclo-vtt-sainte-luce.ffct.org\/photos%20vtt\/luceenne%20vtt%202008\/index.htm\" target=\"_blank\" rel=\"noopener\">LUCEENNE VTT 2008 <\/a><\/div>\n<\/td>\n<td class=\"detailText\" valign=\"top\" nowrap=\"nowrap\" bgcolor=\"#ffccff\"><\/td>\n<\/tr>\n<\/tbody>\n<\/table>\n","protected":false},"excerpt":{"rendered":"<p>2019 La Luc\u00e9\u00e9nne\u00a0 01\/12 2018 Orvault\u00a0 14\/01 Oudon 04\/03 Sortie tandem 24\/06 reconnaissance La luc\u00e9\u00e9nne 18\/11 La Luc\u00e9\u00e9nne\u00a0 02\/12 Descente VTT 02\/06 Fims divers 2017 Suc\u00e9 sur erdre\u00a0 15\/01 Orvault 29\/01 Bo\u00ebl 26\/02 Bekanaboug 19\/03 Le Cellier\u00a0 17\/04 Saint S\u00e9bastien 01\/05 La Roche Bernard\u00a016\/07 Broc\u00e9liande 9 et 10\/09 2016 Roseraie &#8211; Suc\u00e9 17\/01 Pornic 14\/02 &hellip; <a href=\"https:\/\/cvl.ovh\/index.php\/section-vtt\/photos-vtt\/\" class=\"more-link\">Continuer de lire <span class=\"screen-reader-text\">photos VTT<\/span><\/a><\/p>\n","protected":false},"author":1,"featured_media":0,"parent":370,"menu_order":0,"comment_status":"closed","ping_status":"closed","template":"","meta":{"_bbp_topic_count":0,"_bbp_reply_count":0,"_bbp_total_topic_count":0,"_bbp_total_reply_count":0,"_bbp_voice_count":0,"_bbp_anonymous_reply_count":0,"_bbp_topic_count_hidden":0,"_bbp_reply_count_hidden":0,"_bbp_forum_subforum_count":0,"footnotes":""},"class_list":["post-473","page","type-page","status-publish","hentry"],"_links":{"self":[{"href":"https:\/\/cvl.ovh\/index.php\/wp-json\/wp\/v2\/pages\/473","targetHints":{"allow":["GET"]}}],"collection":[{"href":"https:\/\/cvl.ovh\/index.php\/wp-json\/wp\/v2\/pages"}],"about":[{"href":"https:\/\/cvl.ovh\/index.php\/wp-json\/wp\/v2\/types\/page"}],"author":[{"embeddable":true,"href":"https:\/\/cvl.ovh\/index.php\/wp-json\/wp\/v2\/users\/1"}],"replies":[{"embeddable":true,"href":"https:\/\/cvl.ovh\/index.php\/wp-json\/wp\/v2\/comments?post=473"}],"version-history":[{"count":16,"href":"https:\/\/cvl.ovh\/index.php\/wp-json\/wp\/v2\/pages\/473\/revisions"}],"predecessor-version":[{"id":1780,"href":"https:\/\/cvl.ovh\/index.php\/wp-json\/wp\/v2\/pages\/473\/revisions\/1780"}],"up":[{"embeddable":true,"href":"https:\/\/cvl.ovh\/index.php\/wp-json\/wp\/v2\/pages\/370"}],"wp:attachment":[{"href":"https:\/\/cvl.ovh\/index.php\/wp-json\/wp\/v2\/media?parent=473"}],"curies":[{"name":"wp","href":"https:\/\/api.w.org\/{rel}","templated":true}]}}